{"id":1037,"date":"2025-09-23T22:28:23","date_gmt":"2025-09-23T20:28:23","guid":{"rendered":"https:\/\/przedszkolecieszyn.diecezjabielsko.pl\/?page_id=1037"},"modified":"2025-09-23T22:28:23","modified_gmt":"2025-09-23T20:28:23","slug":"deklaracja-dostepnosci","status":"publish","type":"page","link":"https:\/\/przedszkolecieszyn.diecezjabielsko.pl\/index.php\/deklaracja-dostepnosci\/","title":{"rendered":"Deklaracja dost\u0119pno\u015bci"},"content":{"rendered":"<p>[et_pb_section fb_built=&#8221;1&#8243; theme_builder_area=&#8221;post_content&#8221; _builder_version=&#8221;4.25.2&#8243; _module_preset=&#8221;default&#8221;][et_pb_row _builder_version=&#8221;4.25.2&#8243; _module_preset=&#8221;default&#8221; theme_builder_area=&#8221;post_content&#8221;][et_pb_column _builder_version=&#8221;4.25.2&#8243; _module_preset=&#8221;default&#8221; type=&#8221;4_4&#8243; theme_builder_area=&#8221;post_content&#8221;][et_pb_text _builder_version=&#8221;4.25.2&#8243; _module_preset=&#8221;default&#8221; theme_builder_area=&#8221;post_content&#8221; hover_enabled=&#8221;0&#8243; sticky_enabled=&#8221;0&#8243;]<\/p>\n<p style=\"font-weight: 400;\"><strong>Katolickie Przedszkole im. Dzieci\u0105tka Jezus, 43-400 Cieszyn, ul. Pokoju 5<\/strong> zobowi\u0105zuje si\u0119 zapewni\u0107 dost\u0119pno\u015b\u0107 swojej strony internetowej zgodnie z ustaw\u0105 z dnia 4 kwietnia 2019 r. o dost\u0119pno\u015bci cyfrowej stron internetowych dla podmiot\u00f3w niepublicznych.<\/p>\n<p style=\"font-weight: 400;\">Deklaracja dost\u0119pno\u015bci dotyczy\u00a0<\/p>\n<p style=\"font-weight: 400;\"><u>Stan dost\u0119pno\u015bci cyfrowej:<\/u><\/p>\n<p style=\"font-weight: 400;\">Strona jest cz\u0119\u015bciowo zgodna z za\u0142\u0105cznikiem do ustawy z dnia 4 kwietnia 2019 r. o dost\u0119pno\u015bci cyfrowej stron internetowych podmiot\u00f3w niepublicznych z powodu niezgodno\u015bci lub wy\u0142\u0105cze\u0144 wymienionych poni\u017cej.<\/p>\n<p style=\"font-weight: 400;\">Niedost\u0119pne tre\u015bci<\/p>\n<p style=\"font-weight: 400;\">Niezgodno\u015b\u0107 z za\u0142\u0105cznikiem<\/p>\n<p style=\"font-weight: 400;\">Pomimo stara\u0144 administrator\u00f3w na stronie pojawiaj\u0105 si\u0119 problemy:<\/p>\n<ul>\n<li>pewne dokumenty opublikowane na stronie s\u0105 niedost\u0119pne z uwagi na fakt, \u017ce:\n<ul>\n<li>pochodz\u0105 z r\u00f3\u017cnych \u017ar\u00f3de\u0142,<\/li>\n<li>s\u0105 bardzo obszerne, a ich wytworzenie odbywa\u0142o si\u0119 w kilku kom\u00f3rkach organizacyjnych, co uniemo\u017cliwia\u0142o wp\u0142yw na ich docelow\u0105 tre\u015b\u0107 oraz kszta\u0142t<\/li>\n<li>(opublikowane zosta\u0142y w oparciu o zasady przyj\u0119te w innej instytucji,<\/li>\n<\/ul>\n<\/li>\n<li>niekt\u00f3re filmy zamieszczone na stronie mog\u0105 nie mie\u0107 napis\u00f3w czy innych wymaganych element\u00f3w, poniewa\u017c pochodz\u0105 ze \u017ar\u00f3de\u0142 zewn\u0119trznych,<\/li>\n<li>z uwagi na ograniczenia systemowe na stronie redaktorzy nie stosuj\u0105 znacznika lang,<\/li>\n<li>mo\u017ce si\u0119 zdarzy\u0107, \u017ce na niekt\u00f3rych podstronach b\u0119dzie zaburzona kolejno\u015b\u0107 nag\u0142\u00f3wk\u00f3w,<\/li>\n<li>komunikaty o statusie lub b\u0142\u0119dzie w formularzach mog\u0105 by\u0107 niedost\u0119pne dla czytnik\u00f3w.<\/li>\n<\/ul>\n<p style=\"font-weight: 400;\">Tre\u015bci nieobj\u0119te przepisami<\/p>\n<ul>\n<li>niekt\u00f3re filmy, zdj\u0119cia zamieszczone na stornie mog\u0105 nie mie\u0107 napis\u00f3w czy innych wymaganych element\u00f3w, z uwagi na fakt, \u017ce zosta\u0142y opublikowane przed wej\u015bciem w \u017cycie ustawy o dost\u0119pno\u015bci cyfrowej, albo pochodz\u0105 ze \u017ar\u00f3de\u0142 zewn\u0119trznych<\/li>\n<li>niekt\u00f3re dokumenty opublikowane na stronie przed wej\u015bciem w \u017cycie ustawy <span><\/span>o dost\u0119pno\u015bci cyfrowej mog\u0105 by\u0107 niedost\u0119pne.<\/li>\n<\/ul>\n<p style=\"font-weight: 400;\">Przygotowanie deklaracji dost\u0119pno\u015bci<\/p>\n<ul>\n<li>Data ostatniego przegl\u0105du deklaracji:\u00a029 lipca 2025 roku<\/li>\n<\/ul>\n<p style=\"font-weight: 400;\">Deklaracj\u0119 sporz\u0105dzili\u015bmy na podstawie przegl\u0105du dokonanego za pomoc\u0105 powszechnie dost\u0119pnych narz\u0119dzi do automatycznego wykrywania niekt\u00f3rych b\u0142\u0119d\u00f3w dost\u0119pno\u015bci cyfrowej.<\/p>\n<p style=\"font-weight: 400;\">Informacje zwrotne i dane kontaktowe<\/p>\n<p style=\"font-weight: 400;\">Wszystkie problemy z dost\u0119pno\u015bci\u0105 cyfrow\u0105 tej strony mo\u017cesz zg\u0142osi\u0107 do Katolickiego Przedszkola im. Dzieci\u0105tka Jezus: mailowo <a href=\"mailto:kspcieszyn@wp.pl\"><strong>kontakt@kp.dziedzictwo.org.pl<\/strong><\/a> lub telefonicznie\u00a0451 151 720<\/p>\n<p style=\"font-weight: 400;\">Ka\u017cdy ma prawo wyst\u0105pi\u0107 z \u017c\u0105daniem zapewnienia dost\u0119pno\u015bci cyfrowej tej strony internetowej lub jej element\u00f3w.<\/p>\n<p style=\"font-weight: 400;\">Zg\u0142aszaj\u0105c takie \u017c\u0105danie podaj:<\/p>\n<ul>\n<li>swoje imi\u0119 i nazwisko,<\/li>\n<li>swoje dane kontaktowe (np. numer telefonu, e-mail),<\/li>\n<li>dok\u0142adny adres strony internetowej, na kt\u00f3rej jest niedost\u0119pny cyfrowo element lub tre\u015b\u0107,<\/li>\n<li>opis na czym polega problem i jaki spos\u00f3b jego rozwi\u0105zania by\u0142by dla Ciebie najwygodniejszy.<\/li>\n<\/ul>\n<p style=\"font-weight: 400;\">Na Twoje zg\u0142oszenie odpowiemy najszybciej jak to mo\u017cliwe, nie p\u00f3\u017aniej ni\u017c w ci\u0105gu 7 dni od jego otrzymania.<\/p>\n<p style=\"font-weight: 400;\">Je\u017celi ten termin b\u0119dzie dla nas zbyt kr\u00f3tki poinformujemy Ci\u0119 o tym. W tej informacji podamy nowy termin, do kt\u00f3rego poprawimy zg\u0142oszone przez Ciebie b\u0142\u0119dy lub przygotujemy informacje w alternatywny spos\u00f3b. Ten nowy termin nie b\u0119dzie d\u0142u\u017cszy ni\u017c 2 miesi\u0105ce.<\/p>\n<p style=\"font-weight: 400;\">Je\u017celi nie b\u0119dziemy w stanie zapewni\u0107 dost\u0119pno\u015bci cyfrowej strony internetowej lub tre\u015bci, wskazanej w Twoim \u017c\u0105daniu, zaproponujemy Ci dost\u0119p do nich w alternatywny spos\u00f3b.<\/p>\n<p style=\"font-weight: 400;\">Obs\u0142uga wniosk\u00f3w i skarg zwi\u0105zanych z dost\u0119pno\u015bci\u0105<\/p>\n<p style=\"font-weight: 400;\">Je\u017celi w odpowiedzi na Tw\u00f3j wniosek o zapewnienie dost\u0119pno\u015bci cyfrowej, odm\u00f3wimy zapewnienia \u017c\u0105danej przez Ciebie dost\u0119pno\u015bci cyfrowej, a Ty nie zgadzasz si\u0119 z t\u0105 odmow\u0105, masz prawo z\u0142o\u017cy\u0107 skarg\u0119.<\/p>\n<p style=\"font-weight: 400;\">Skarg\u0119 masz prawo z\u0142o\u017cy\u0107 tak\u017ce, je\u015bli nie zgadzasz si\u0119 na skorzystanie z alternatywnego sposobu dost\u0119pu, kt\u00f3ry zaproponowali\u015bmy Ci w odpowiedzi na Tw\u00f3j wniosek o zapewnienie dost\u0119pno\u015bci cyfrowej.<\/p>\n<p style=\"font-weight: 400;\">Ewentualn\u0105 skarg\u0119 z\u0142\u00f3\u017c listownie lub mailem do naszego przedszkola:<\/p>\n<ul>\n<li>osobi\u015bcie lub drog\u0105 pocztow\u0105 na adres: Katolickie Przedszkole im. Dzieci\u0105tka Jezus <span><\/span>w Cieszynie, 43-00 Cieszyn, ul. Pokoju 5<\/li>\n<li>drog\u0105 elektroniczn\u0105 na adres:\u00a0<a href=\"mailto:kspcieszyn@wp.pl\"><strong>kontakt@kp.dziedzictwo.org.pl<\/strong><\/a><\/li>\n<\/ul>\n<p style=\"font-weight: 400;\"><u>Pozosta\u0142e informacje:<\/u><\/p>\n<p style=\"font-weight: 400;\"><strong>Dost\u0119pno\u015b\u0107 architektoniczna<\/strong><\/p>\n<p style=\"font-weight: 400;\">Przedszkole jest usytuowane w ogrodzie. Z ulicy prowadzi do wej\u015bcia droga wewn\u0119trzna. <span>\u00a0\u00a0<\/span>Poziom drzwi g\u0142\u00f3wnych nie jest r\u00f3wny z powierzchni\u0105 chodnika, wej\u015bcia s\u0105 po schodach wewn\u0119trznych. Pod bramk\u0119 wej\u015bciow\u0105 do g\u0142\u00f3wnego wej\u015bcia do <span>\u00a0<\/span>budynku istnieje mo\u017cliwo\u015b\u0107 podjechania i zaparkowania samochodem. Osoby uprawnione maja prawo wst\u0119pu z psem asystuj\u0105cym. Pracownicy przedszkola nie posiadaj\u0105 kompetencji w zakresie j\u0119zyka migowego.<\/p>\n<p style=\"font-weight: 400;\"><strong>DOST\u0118PNO\u015a\u0106 ALTERNATYWNA<\/strong><\/p>\n<p style=\"font-weight: 400;\"><strong>PROCEDURY DOTYCZ\u0104CE POPRAWY PODNOSZENIA DOST\u0118PNO\u015aCI OSOBOM ZE SZCZEG\u00d3LNYMI POTRZEBAMI W KATOLICKIM PRZEDSZKOLU IM. DZIESI\u0104TKA JEZUS W CIESZYNIE. <\/strong><\/p>\n<p style=\"font-weight: 400;\">Zgodnie z art.\u00a0 7 ustawy z dnia 19 lipca 2019 r. o zapewnianiu dost\u0119pno\u015bci osobom ze szczeg\u00f3lnymi potrzebami (Dz.U.2020.1062) w indywidualnym przypadku, je\u017celi podmiot niepubliczny nie jest w stanie, w szczeg\u00f3lno\u015bci ze wzgl\u0119d\u00f3w technicznych lub prawnych, zapewni\u0107 osobie ze szczeg\u00f3lnymi potrzebami dost\u0119pno\u015bci w zakresie architektonicznym i informacyjno-komunikacyjnym, podmiot ten jest obowi\u0105zany zapewni\u0107 takiej osobie dost\u0119p alternatywny.<\/p>\n<p style=\"font-weight: 400;\">Dost\u0119p alternatywny polega w szczeg\u00f3lno\u015bci na:<\/p>\n<p style=\"font-weight: 400;\">1) zapewnieniu osobie ze szczeg\u00f3lnymi potrzebami wsparcia innej osoby lub<\/p>\n<p style=\"font-weight: 400;\">2) zapewnieniu wsparcia technicznego osobie ze szczeg\u00f3lnymi potrzebami, w tym z wykorzystaniem nowoczesnych technologii, lub<\/p>\n<p style=\"font-weight: 400;\">3) wprowadzeniu takiej organizacji podmiotu niepublicznego, kt\u00f3ra umo\u017cliwi realizacj\u0119 potrzeb os\u00f3b ze szczeg\u00f3lnymi potrzebami, w niezb\u0119dnym zakresie dla tych os\u00f3b.<\/p>\n<p style=\"font-weight: 400;\">W zwi\u0105zku z powy\u017cszym\u00a0 z uwagi na wyst\u0119puj\u0105ce w budynku przedszkola bariery architektoniczne utrudniaj\u0105ce poruszanie si\u0119 po nim osobom niepe\u0142nosprawnym, w celu u\u0142atwienia dost\u0119pu do budynku oraz przemieszczania si\u0119 wewn\u0105trz osobom niepe\u0142nosprawnym Dyrektor Przedszkola wyznaczy\u0142 \u00a0<strong>przewodnika do pomocy osobom w ka\u017cdym wieku z r\u00f3\u017cnym stopniem niepe\u0142nosprawno\u015bci, \u00a0przy uwzgl\u0119dnieniu czynnik\u00f3w zwi\u0105zanych ze zdolno\u015bci\u0105 poruszania si\u0119, widzenia, s\u0142yszenia i pojmowania. Przedszkole dysponuje te\u017c schodo\u0142azem.<\/strong><\/p>\n<p style=\"font-weight: 400;\"><strong>Przewodnikiem jest Dyrektor Przedszkola Pani Beata Klimczak urz\u0119duj\u0105cy w siedzibie przy ul. Pokoju 5, 43-400 Cieszyn, tel.\u00a0<\/strong>451 151 720<strong>, e-mail:<\/strong>\u00a0<a href=\"mailto:kontakt@kp.dziedzictwo.org.pl\">kontakt@kp.dziedzictwo.org.pl<\/a>\u00a0<\/p>\n<p style=\"font-weight: 400;\">\u017b\u0105dania zapewnienia dost\u0119pno\u015bci architektonicznej oraz informacyjno-komunikacyjnej mo\u017cna sk\u0142ada\u0107 drog\u0105 elektroniczn\u0105 na adres\u00a0<a href=\"mailto:wicedyrektor@ksp.sarkander.pl\">kontakt@kp.dziedzictwo.org.pl <\/a><\/p>\n<p style=\"font-weight: 400;\">W przypadku braku mo\u017cliwo\u015bci zapewnienia osobie ze szczeg\u00f3lnymi potrzebami dost\u0119pno\u015bci w zakresie dost\u0119pno\u015bci cyfrowej zastosowanie maj\u0105 przepisy art. 7 ustawy z dnia 4 kwietnia 2019 r. o dost\u0119pno\u015bci cyfrowej stron internetowych i aplikacji mobilnych podmiot\u00f3w niepublicznych.<\/p>\n<p style=\"font-weight: 400;\">W przypadku, gdy podmiot publiczny nie jest w stanie zapewni\u0107 dost\u0119pno\u015bci cyfrowej elementu strony internetowej lub aplikacji mobilnej, zapewnia alternatywny spos\u00f3b dost\u0119pu do tego elementu.<\/p>\n<p style=\"font-weight: 400;\">Alternatywny spos\u00f3b dost\u0119pu polega w szczeg\u00f3lno\u015bci na\u00a0<strong>zapewnieniu kontaktu telefonicznego, korespondencyjnego, za pomoc\u0105 \u015brodk\u00f3w komunikacji elektronicznej<\/strong>, o kt\u00f3rych mowa w art. 2 pkt 5 ustawy z dnia 18 lipca 2002 r. o \u015bwiadczeniu us\u0142ug drog\u0105 elektroniczn\u0105 (Dz. U. z 2019 r. poz. 123 i 730), lub za pomoc\u0105 t\u0142umacza j\u0119zyka migowego, lub t\u0142umacza-przewodnika, o kt\u00f3rych mowa w art. 10 ust. 1 ustawy z dnia 19 sierpnia 2011 r. o j\u0119zyku migowym i innych \u015brodkach komunikowania si\u0119 (Dz. U. z 2017 r. poz. 1824), je\u017celi podmiot niepubliczny udost\u0119pnia tak\u0105 mo\u017cliwo\u015b\u0107.<\/p>\n<p style=\"font-weight: 400;\">\n<p style=\"font-weight: 400;\">\n<p style=\"font-weight: 400;\">[\/et_pb_text][\/et_pb_column][\/et_pb_row][\/et_pb_section]<\/p>\n","protected":false},"excerpt":{"rendered":"<p>Katolickie Przedszkole im. Dzieci\u0105tka Jezus, 43-400 Cieszyn, ul. Pokoju 5 zobowi\u0105zuje si\u0119 zapewni\u0107 dost\u0119pno\u015b\u0107 swojej strony internetowej zgodnie z ustaw\u0105 z dnia 4 kwietnia 2019 r. o dost\u0119pno\u015bci cyfrowej stron internetowych dla podmiot\u00f3w niepublicznych. Deklaracja dost\u0119pno\u015bci dotyczy\u00a0 Stan dost\u0119pno\u015bci cyfrowej: Strona jest cz\u0119\u015bciowo zgodna z za\u0142\u0105cznikiem do ustawy z dnia 4 kwietnia 2019 r. o [&hellip;]<\/p>\n","protected":false},"author":2,"featured_media":0,"parent":0,"menu_order":0,"comment_status":"closed","ping_status":"closed","template":"","meta":{"_et_pb_use_builder":"on","_et_pb_old_content":"","_et_gb_content_width":"","footnotes":""},"class_list":["post-1037","page","type-page","status-publish","hentry"],"_links":{"self":[{"href":"https:\/\/przedszkolecieszyn.diecezjabielsko.pl\/index.php\/wp-json\/wp\/v2\/pages\/1037","targetHints":{"allow":["GET"]}}],"collection":[{"href":"https:\/\/przedszkolecieszyn.diecezjabielsko.pl\/index.php\/wp-json\/wp\/v2\/pages"}],"about":[{"href":"https:\/\/przedszkolecieszyn.diecezjabielsko.pl\/index.php\/wp-json\/wp\/v2\/types\/page"}],"author":[{"embeddable":true,"href":"https:\/\/przedszkolecieszyn.diecezjabielsko.pl\/index.php\/wp-json\/wp\/v2\/users\/2"}],"replies":[{"embeddable":true,"href":"https:\/\/przedszkolecieszyn.diecezjabielsko.pl\/index.php\/wp-json\/wp\/v2\/comments?post=1037"}],"version-history":[{"count":2,"href":"https:\/\/przedszkolecieszyn.diecezjabielsko.pl\/index.php\/wp-json\/wp\/v2\/pages\/1037\/revisions"}],"predecessor-version":[{"id":1040,"href":"https:\/\/przedszkolecieszyn.diecezjabielsko.pl\/index.php\/wp-json\/wp\/v2\/pages\/1037\/revisions\/1040"}],"wp:attachment":[{"href":"https:\/\/przedszkolecieszyn.diecezjabielsko.pl\/index.php\/wp-json\/wp\/v2\/media?parent=1037"}],"curies":[{"name":"wp","href":"https:\/\/api.w.org\/{rel}","templated":true}]}}