{"id":191,"date":"2024-05-09T12:35:35","date_gmt":"2024-05-09T10:35:35","guid":{"rendered":"https:\/\/przedszkolecieszyn.diecezjabielsko.pl\/?page_id=191"},"modified":"2024-08-15T15:32:56","modified_gmt":"2024-08-15T13:32:56","slug":"zajecia-dodatkowe","status":"publish","type":"page","link":"https:\/\/przedszkolecieszyn.diecezjabielsko.pl\/index.php\/zajecia-dodatkowe\/","title":{"rendered":"Zaj\u0119cia dodatkowe"},"content":{"rendered":"<p>[et_pb_section fb_built=&#8221;1&#8243; _builder_version=&#8221;4.25.0&#8243; _module_preset=&#8221;default&#8221; global_colors_info=&#8221;{}&#8221; theme_builder_area=&#8221;post_content&#8221;][et_pb_row _builder_version=&#8221;4.25.0&#8243; _module_preset=&#8221;default&#8221; global_colors_info=&#8221;{}&#8221; theme_builder_area=&#8221;post_content&#8221;][et_pb_column type=&#8221;4_4&#8243; _builder_version=&#8221;4.25.0&#8243; _module_preset=&#8221;default&#8221; global_colors_info=&#8221;{}&#8221; theme_builder_area=&#8221;post_content&#8221;][et_pb_text _builder_version=&#8221;4.25.0&#8243; _module_preset=&#8221;default&#8221; header_font=&#8221;|600|||||||&#8221; header_text_align=&#8221;center&#8221; header_line_height=&#8221;1.2em&#8221; background_color=&#8221;#eaeaea&#8221; custom_padding=&#8221;35px||0px||false|false&#8221; border_radii=&#8221;on|8px|8px|8px|8px&#8221; global_colors_info=&#8221;{}&#8221; theme_builder_area=&#8221;post_content&#8221;]<\/p>\n<h1>ZAJ\u0118CIA DODATKOWE NIEODP\u0141ATNE<\/h1>\n<p>&nbsp;<\/p>\n<p>[\/et_pb_text][et_pb_blurb title=&#8221;J\u0118ZYK ANGIELSKI&#8221; content_max_width=&#8221;800px&#8221; _builder_version=&#8221;4.25.0&#8243; _module_preset=&#8221;default&#8221; header_font=&#8221;|700|||||||&#8221; background_color=&#8221;#1d9ed6&#8243; background_layout=&#8221;dark&#8221; custom_margin=&#8221;0px|0px|10px|0px|false|false&#8221; custom_padding=&#8221;20px|10px|10px|10px|false|false&#8221; border_radii=&#8221;on|8px|8px|8px|8px&#8221; global_colors_info=&#8221;{}&#8221; theme_builder_area=&#8221;post_content&#8221;]<\/p>\n<p><span>Dzieci podczas zaj\u0119\u0107 poznaj\u0105 s\u0142ownictwo i struktury j\u0119zykowe. Podczas \u0107wicze\u0144 s\u0105 wykorzystywane rekwizyty i formy plastyczne. W ramach zaj\u0119\u0107 przedszkolaki przyswajaj\u0105 s\u0142owa i zwroty potrzebne w \u017cyciu codziennym, rodzinnym i towarzyskim. Ucz\u0105 si\u0119 prosi\u0107, dzi\u0119kowa\u0107, nazywa\u0107, opisywa\u0107 przedmioty w najbli\u017cszym otoczeniu, wyra\u017ca\u0107 uczucia i potrzeby. Nauka odbywa si\u0119 poprzez scenki, wierszyki, piosenki, wyliczanki, zabawy ruchowe, plastyczne, manualne i muzyczne.<\/span><\/p>\n<p><span>Zaj\u0119cia prowadzi mgr Karolina Kopiec<br \/><\/span><\/p>\n<h4><\/h4>\n<p>[\/et_pb_blurb][et_pb_blurb title=&#8221;WARSZTATY PLASTYCZNE \u201e PLASTYKA SMYKA\u201d&#8221; content_max_width=&#8221;800px&#8221; _builder_version=&#8221;4.25.0&#8243; _module_preset=&#8221;default&#8221; header_font=&#8221;|700|||||||&#8221; background_color=&#8221;#E09900&#8243; background_layout=&#8221;dark&#8221; custom_margin=&#8221;0px|0px|10px|0px|false|false&#8221; custom_padding=&#8221;20px|10px|10px|10px|false|false&#8221; border_radii=&#8221;on|8px|8px|8px|8px&#8221; global_colors_info=&#8221;{}&#8221; theme_builder_area=&#8221;post_content&#8221;]<\/p>\n<p><span>Celem zaj\u0119\u0107 jest rozbudzanie zainteresowania sztuk\u0105 i plastyk\u0105. Podczas zaj\u0119\u0107 plastycznych dzieci b\u0119d\u0105 mia\u0142y okazj\u0119 zapozna\u0107 si\u0119 z techniki: malarstwo, origami, czarodziejskiej nitki, rze\u017aba itp. Zaj\u0119cia realizujemy metod\u0105 projekt\u00f3w i tworzymy wielkoformatowe dzie\u0142a sztuki. <\/span><\/p>\n<p><span>Zaj\u0119cia prowadzi mgr Agnieszka Kuszewska-Szewieczek<\/span><\/p>\n<h4><\/h4>\n<p>[\/et_pb_blurb][et_pb_blurb title=&#8221;ZAJ\u0118CIA UMUZYKALNIAJ\u0104CE&#8221; content_max_width=&#8221;800px&#8221; _builder_version=&#8221;4.25.0&#8243; _module_preset=&#8221;default&#8221; header_font=&#8221;|700|||||||&#8221; background_color=&#8221;#158c0f&#8221; background_layout=&#8221;dark&#8221; custom_margin=&#8221;0px|0px|10px|0px|false|false&#8221; custom_padding=&#8221;20px|10px|10px|10px|false|false&#8221; border_radii=&#8221;on|8px|8px|8px|8px&#8221; global_colors_info=&#8221;{}&#8221; theme_builder_area=&#8221;post_content&#8221;]<\/p>\n<p><span>Umuzykalnienie + taniec &#8211; na zaj\u0119ciach prowadzone s\u0105 wszystkie formy umuzykalnienia dzieci, czyli: \u015bpiew, gra na instrumentach, ruch przy muzyce oraz s\u0142uchanie i tworzenie muzyki. Podczas muzykowania na instrumentach dzieci ucz\u0105 si\u0119 \u015bwiadomie operowa\u0107 takimi cechami d\u017awi\u0119ku, jak: tempo, dynamika, rytm oraz wysoko\u015b\u0107. Celem zaj\u0119\u0107 jest uwra\u017cliwienie dzieci na pi\u0119kno muzyki, rozwijanie wra\u017cliwo\u015bci s\u0142uchowej, wyra\u017canie muzyki ruchem oraz rozwijanie r\u00f3\u017cnych form ekspresji. Dzieci na zaj\u0119ciach ucz\u0105 si\u0119 uk\u0142ad\u00f3w przygotowanych do znanych utwor\u00f3w muzyki wsp\u00f3\u0142czesnej. Nauczanie odbywa si\u0119 etapami: od formy najprostszej poprzez stopniowe rozwijanie wprowadzanych figur i uk\u0142ad\u00f3w. Taniec wyrabia wra\u017cliwo\u015b\u0107 na muzyk\u0119, kszta\u0142tuje estetyk\u0119 ruchu i koordynacj\u0119 ruchow\u0105, pomaga pokona\u0107 nie\u015bmia\u0142o\u015b\u0107 i uczy dzieci wsp\u00f3\u0142pracy w grupie. Kszta\u0142tuje wyobra\u017ani\u0119 i pami\u0119\u0107 ruchow\u0105 oraz uczy rozpoznawa\u0107 muzyk\u0119 i rytmy. <\/span><\/p>\n<p><span>Zaj\u0119cia odbywaj\u0105 si\u0119 raz w tygodniu i s\u0105 prowadzone przez mgr Katarzyna Kraszewska<\/span><\/p>\n<p>[\/et_pb_blurb][et_pb_blurb title=&#8221;ZAJ\u0118CIA TW\u00d3RCZE \u201ePOZNAJEMY CIEKAWYCH LUDZI\u201d&#8221; content_max_width=&#8221;800px&#8221; _builder_version=&#8221;4.25.0&#8243; _module_preset=&#8221;default&#8221; header_font=&#8221;|700|||||||&#8221; background_color=&#8221;#b73d17&#8243; background_layout=&#8221;dark&#8221; custom_margin=&#8221;0px|0px|10px|0px|false|false&#8221; custom_padding=&#8221;20px|10px|10px|10px|false|false&#8221; border_radii=&#8221;on|8px|8px|8px|8px&#8221; global_colors_info=&#8221;{}&#8221; theme_builder_area=&#8221;post_content&#8221;]<\/p>\n<p><span>Rozpoczynamy nowy cykl zaj\u0119\u0107 w ramach zaj\u0119\u0107 tw\u00f3rczych. W tym roku przedszkolnym b\u0119dziemy zaprasza\u0107 do naszej plac\u00f3wki ciekawych ludzi: reprezentuj\u0105cych r\u00f3\u017cne zawody, profesje, maj\u0105cych oryginalne zainteresowania i hobby. Wizyty naszych go\u015bci b\u0119d\u0105 poprzedzone wprowadzaj\u0105cymi warsztatami. <\/span><br \/><span>Prowadz\u0105cy zaj\u0119cia: nauczycielki przedszkola i go\u015bcie<\/span><\/p>\n<p>[\/et_pb_blurb][et_pb_blurb title=&#8221;POZOSTA\u0141E ZAJ\u0118CIA DODATKOWE W NASZYM PRZEDSZKOLU:&#8221; content_max_width=&#8221;800px&#8221; _builder_version=&#8221;4.25.0&#8243; _module_preset=&#8221;default&#8221; header_font=&#8221;|700|||||||&#8221; background_color=&#8221;#1d9ed6&#8243; background_layout=&#8221;dark&#8221; custom_margin=&#8221;0px|0px|10px|0px|false|false&#8221; custom_padding=&#8221;20px|10px|10px|10px|false|false&#8221; border_radii=&#8221;on|8px|8px|8px|8px&#8221; global_colors_info=&#8221;{}&#8221; theme_builder_area=&#8221;post_content&#8221;]<\/p>\n<p><strong>Religia katolicka<\/strong><span> &#8211; grupa 3, 4, 5, 6 latki<\/span><br \/><span>prowadz\u0105cy: ks. Adrian Pietrasina<\/span><br \/><strong>Religia ewangelicka<\/strong><span> &#8211; grupa 3,4,5,6 latki<\/span><br \/><span>prowadz\u0105cy: mgr Janusz Lerch<\/span><\/p>\n<h4>Zaj\u0119cia na basenie (SP-4) \u2013 6 latki<\/h4>\n<p><span>prowadz\u0105cy: mgr Katarzyna Cie\u015blar<\/span><\/p>\n<p>[\/et_pb_blurb][\/et_pb_column][\/et_pb_row][\/et_pb_section]<\/p>\n","protected":false},"excerpt":{"rendered":"<p>ZAJ\u0118CIA DODATKOWE NIEODP\u0141ATNE &nbsp;Dzieci podczas zaj\u0119\u0107 poznaj\u0105 s\u0142ownictwo i struktury j\u0119zykowe. Podczas \u0107wicze\u0144 s\u0105 wykorzystywane rekwizyty i formy plastyczne. W ramach zaj\u0119\u0107 przedszkolaki przyswajaj\u0105 s\u0142owa i zwroty potrzebne w \u017cyciu codziennym, rodzinnym i towarzyskim. Ucz\u0105 si\u0119 prosi\u0107, dzi\u0119kowa\u0107, nazywa\u0107, opisywa\u0107 przedmioty w najbli\u017cszym otoczeniu, wyra\u017ca\u0107 uczucia i potrzeby. Nauka odbywa si\u0119 poprzez scenki, wierszyki, piosenki, [&hellip;]<\/p>\n","protected":false},"author":2,"featured_media":0,"parent":0,"menu_order":0,"comment_status":"closed","ping_status":"closed","template":"","meta":{"_et_pb_use_builder":"on","_et_pb_old_content":"","_et_gb_content_width":"","footnotes":""},"class_list":["post-191","page","type-page","status-publish","hentry"],"_links":{"self":[{"href":"https:\/\/przedszkolecieszyn.diecezjabielsko.pl\/index.php\/wp-json\/wp\/v2\/pages\/191","targetHints":{"allow":["GET"]}}],"collection":[{"href":"https:\/\/przedszkolecieszyn.diecezjabielsko.pl\/index.php\/wp-json\/wp\/v2\/pages"}],"about":[{"href":"https:\/\/przedszkolecieszyn.diecezjabielsko.pl\/index.php\/wp-json\/wp\/v2\/types\/page"}],"author":[{"embeddable":true,"href":"https:\/\/przedszkolecieszyn.diecezjabielsko.pl\/index.php\/wp-json\/wp\/v2\/users\/2"}],"replies":[{"embeddable":true,"href":"https:\/\/przedszkolecieszyn.diecezjabielsko.pl\/index.php\/wp-json\/wp\/v2\/comments?post=191"}],"version-history":[{"count":4,"href":"https:\/\/przedszkolecieszyn.diecezjabielsko.pl\/index.php\/wp-json\/wp\/v2\/pages\/191\/revisions"}],"predecessor-version":[{"id":660,"href":"https:\/\/przedszkolecieszyn.diecezjabielsko.pl\/index.php\/wp-json\/wp\/v2\/pages\/191\/revisions\/660"}],"wp:attachment":[{"href":"https:\/\/przedszkolecieszyn.diecezjabielsko.pl\/index.php\/wp-json\/wp\/v2\/media?parent=191"}],"curies":[{"name":"wp","href":"https:\/\/api.w.org\/{rel}","templated":true}]}}