{"id":200,"date":"2024-05-15T18:36:23","date_gmt":"2024-05-15T16:36:23","guid":{"rendered":"https:\/\/przedszkolecieszyn.diecezjabielsko.pl\/?page_id=200"},"modified":"2026-04-16T13:26:41","modified_gmt":"2026-04-16T11:26:41","slug":"kadra","status":"publish","type":"page","link":"https:\/\/przedszkolecieszyn.diecezjabielsko.pl\/index.php\/kadra\/","title":{"rendered":"Kadra"},"content":{"rendered":"<p>[et_pb_section fb_built=&#8221;1&#8243; _builder_version=&#8221;4.25.1&#8243; _module_preset=&#8221;default&#8221; custom_padding=&#8221;||1px||false|false&#8221; global_colors_info=&#8221;{}&#8221; theme_builder_area=&#8221;post_content&#8221;][et_pb_row column_structure=&#8221;1_4,1_4,1_4,1_4&#8243; use_custom_gutter=&#8221;on&#8221; gutter_width=&#8221;2&#8243; _builder_version=&#8221;4.25.1&#8243; _module_preset=&#8221;default&#8221; width=&#8221;90%&#8221; global_colors_info=&#8221;{}&#8221; theme_builder_area=&#8221;post_content&#8221;][et_pb_column type=&#8221;1_4&#8243; _builder_version=&#8221;4.25.1&#8243; _module_preset=&#8221;default&#8221; global_colors_info=&#8221;{}&#8221; theme_builder_area=&#8221;post_content&#8221;][et_pb_image src=&#8221;https:\/\/przedszkolecieszyn.diecezjabielsko.pl\/wp-content\/uploads\/2024\/05\/kadra01.jpg&#8221; title_text=&#8221;kadra01&#8243; _builder_version=&#8221;4.25.1&#8243; _module_preset=&#8221;default&#8221; global_colors_info=&#8221;{}&#8221; theme_builder_area=&#8221;post_content&#8221;][\/et_pb_image][\/et_pb_column][et_pb_column type=&#8221;1_4&#8243; _builder_version=&#8221;4.25.1&#8243; _module_preset=&#8221;default&#8221; global_colors_info=&#8221;{}&#8221; theme_builder_area=&#8221;post_content&#8221;][et_pb_text _builder_version=&#8221;4.25.1&#8243; _module_preset=&#8221;default&#8221; text_font_size=&#8221;13.5px&#8221; global_colors_info=&#8221;{}&#8221; theme_builder_area=&#8221;post_content&#8221;]<\/p>\n<p><strong>mgr Beata Klimczak<\/strong><br \/><u>dyrektor<\/u><\/p>\n<ul>\n<li>zintegrowana edukacja wczesnoszkolna i wychowanie przedszkolne<\/li>\n<li>zarz\u0105dzanie w o\u015bwiacie<\/li>\n<li>TUS \u2013 kurs kwalifikacyjny<\/li>\n<li>pedagogika specjalna &#8211; wczesne wspomaganie rozwoju dziecka<\/li>\n<li>pedagogika specjalna &#8211; edukacja i terapia os\u00f3b ze spektrum autyzmu i zespo\u0142em aspergera<\/li>\n<\/ul>\n<p>[\/et_pb_text][\/et_pb_column][et_pb_column type=&#8221;1_4&#8243; _builder_version=&#8221;4.25.1&#8243; _module_preset=&#8221;default&#8221; global_colors_info=&#8221;{}&#8221; theme_builder_area=&#8221;post_content&#8221;][et_pb_image src=&#8221;https:\/\/przedszkolecieszyn.diecezjabielsko.pl\/wp-content\/uploads\/2024\/05\/k02.jpg&#8221; title_text=&#8221;k02&#8243; _builder_version=&#8221;4.25.1&#8243; _module_preset=&#8221;default&#8221; global_colors_info=&#8221;{}&#8221; theme_builder_area=&#8221;post_content&#8221;][\/et_pb_image][\/et_pb_column][et_pb_column type=&#8221;1_4&#8243; _builder_version=&#8221;4.25.1&#8243; _module_preset=&#8221;default&#8221; global_colors_info=&#8221;{}&#8221; theme_builder_area=&#8221;post_content&#8221;][et_pb_text _builder_version=&#8221;4.25.1&#8243; _module_preset=&#8221;default&#8221; text_font_size=&#8221;13.5px&#8221; global_colors_info=&#8221;{}&#8221; theme_builder_area=&#8221;post_content&#8221;]<\/p>\n<p><strong>mgr Katarzyna Kraszewska<\/strong><br \/><u>wychowawca<\/u><\/p>\n<ul>\n<li>zintegrowana edukacja wczesnoszkolna i wychowanie przedszkolne<\/li>\n<li>wychowanie muzyczne<\/li>\n<li>terapia r\u0119ki<\/li>\n<li>pedagogika specjalna-wczesne wspomaganie rozwoju dziecka<\/li>\n<li>muzykoterapia<\/li>\n<\/ul>\n<p>[\/et_pb_text][\/et_pb_column][\/et_pb_row][et_pb_row column_structure=&#8221;1_4,1_4,1_4,1_4&#8243; use_custom_gutter=&#8221;on&#8221; gutter_width=&#8221;2&#8243; _builder_version=&#8221;4.25.1&#8243; _module_preset=&#8221;default&#8221; width=&#8221;90%&#8221; global_colors_info=&#8221;{}&#8221; theme_builder_area=&#8221;post_content&#8221;][et_pb_column type=&#8221;1_4&#8243; _builder_version=&#8221;4.25.1&#8243; _module_preset=&#8221;default&#8221; global_colors_info=&#8221;{}&#8221; theme_builder_area=&#8221;post_content&#8221;][et_pb_image src=&#8221;https:\/\/przedszkolecieszyn.diecezjabielsko.pl\/wp-content\/uploads\/2024\/05\/kus.jpg&#8221; title_text=&#8221;kus&#8221; _builder_version=&#8221;4.25.1&#8243; _module_preset=&#8221;default&#8221; global_colors_info=&#8221;{}&#8221; theme_builder_area=&#8221;post_content&#8221;][\/et_pb_image][\/et_pb_column][et_pb_column type=&#8221;1_4&#8243; _builder_version=&#8221;4.25.1&#8243; _module_preset=&#8221;default&#8221; global_colors_info=&#8221;{}&#8221; theme_builder_area=&#8221;post_content&#8221;][et_pb_text _builder_version=&#8221;4.25.1&#8243; _module_preset=&#8221;default&#8221; text_font_size=&#8221;13.5px&#8221; global_colors_info=&#8221;{}&#8221; theme_builder_area=&#8221;post_content&#8221;]<\/p>\n<p><strong>mgr Anna Ku\u015b<\/strong><br \/><u>wychowawca<\/u><\/p>\n<ul>\n<li>edukacja wczesnoszkolna i wychowanie przedszkolne<\/li>\n<li>pedagogika opieku\u0144czo-wychowawcza z terapi\u0105 pedagogiczn\u0105<\/li>\n<li>terapia r\u0119ki I i II stopnia &#8211; kurs kwalifikacyjny<\/li>\n<\/ul>\n<p>[\/et_pb_text][\/et_pb_column][et_pb_column type=&#8221;1_4&#8243; _builder_version=&#8221;4.25.1&#8243; _module_preset=&#8221;default&#8221; global_colors_info=&#8221;{}&#8221; theme_builder_area=&#8221;post_content&#8221;][et_pb_image src=&#8221;https:\/\/przedszkolecieszyn.diecezjabielsko.pl\/wp-content\/uploads\/2024\/05\/kadra04.jpg&#8221; title_text=&#8221;kadra04&#8243; _builder_version=&#8221;4.25.1&#8243; _module_preset=&#8221;default&#8221; global_colors_info=&#8221;{}&#8221; theme_builder_area=&#8221;post_content&#8221;][\/et_pb_image][\/et_pb_column][et_pb_column type=&#8221;1_4&#8243; _builder_version=&#8221;4.25.1&#8243; _module_preset=&#8221;default&#8221; global_colors_info=&#8221;{}&#8221; theme_builder_area=&#8221;post_content&#8221;][et_pb_text _builder_version=&#8221;4.25.1&#8243; _module_preset=&#8221;default&#8221; text_font_size=&#8221;13.5px&#8221; global_colors_info=&#8221;{}&#8221; theme_builder_area=&#8221;post_content&#8221;]<\/p>\n<p><strong>mgr Urszula Kisia\u0142a<\/strong><br \/><u>wychowawca<\/u><\/p>\n<ul>\n<li>pedagogika przedszkolna<\/li>\n<\/ul>\n<p>[\/et_pb_text][\/et_pb_column][\/et_pb_row][et_pb_row column_structure=&#8221;1_4,1_4,1_4,1_4&#8243; use_custom_gutter=&#8221;on&#8221; gutter_width=&#8221;2&#8243; _builder_version=&#8221;4.25.1&#8243; _module_preset=&#8221;default&#8221; width=&#8221;90%&#8221; global_colors_info=&#8221;{}&#8221; theme_builder_area=&#8221;post_content&#8221;][et_pb_column type=&#8221;1_4&#8243; _builder_version=&#8221;4.25.1&#8243; _module_preset=&#8221;default&#8221; global_colors_info=&#8221;{}&#8221; theme_builder_area=&#8221;post_content&#8221;][et_pb_image src=&#8221;https:\/\/przedszkolecieszyn.diecezjabielsko.pl\/wp-content\/uploads\/2024\/05\/k14.jpg&#8221; title_text=&#8221;k14&#8243; _builder_version=&#8221;4.25.1&#8243; _module_preset=&#8221;default&#8221; global_colors_info=&#8221;{}&#8221; theme_builder_area=&#8221;post_content&#8221;][\/et_pb_image][\/et_pb_column][et_pb_column type=&#8221;1_4&#8243; _builder_version=&#8221;4.25.1&#8243; _module_preset=&#8221;default&#8221; global_colors_info=&#8221;{}&#8221; theme_builder_area=&#8221;post_content&#8221;][et_pb_text _builder_version=&#8221;4.25.1&#8243; _module_preset=&#8221;default&#8221; text_font_size=&#8221;13.5px&#8221; global_colors_info=&#8221;{}&#8221; theme_builder_area=&#8221;post_content&#8221;]<\/p>\n<p><strong>mgr Karolina Kopiec<\/strong><br \/><u>wychowawca<\/u><\/p>\n<ul>\n<li>filolog angielski<\/li>\n<li>zintegrowana edukacja wczesnoszkolna i wychowanie przedszkolne<\/li>\n<\/ul>\n<p>[\/et_pb_text][\/et_pb_column][et_pb_column type=&#8221;1_4&#8243; _builder_version=&#8221;4.25.1&#8243; _module_preset=&#8221;default&#8221; global_colors_info=&#8221;{}&#8221; theme_builder_area=&#8221;post_content&#8221;][\/et_pb_column][et_pb_column type=&#8221;1_4&#8243; _builder_version=&#8221;4.25.1&#8243; _module_preset=&#8221;default&#8221; global_colors_info=&#8221;{}&#8221; theme_builder_area=&#8221;post_content&#8221;][et_pb_text _builder_version=&#8221;4.25.1&#8243; _module_preset=&#8221;default&#8221; text_font_size=&#8221;13.5px&#8221; global_colors_info=&#8221;{}&#8221; theme_builder_area=&#8221;post_content&#8221;]<\/p>\n<p><strong>Emanuela Jurkantowicz<\/strong><br \/><u>wychowawca<\/u><\/p>\n<ul>\n<li>zintegrowana edukacja wczesnoszkolna i wychowanie przedszkolne<\/li>\n<\/ul>\n<p>[\/et_pb_text][\/et_pb_column][\/et_pb_row][\/et_pb_section][et_pb_section fb_built=&#8221;1&#8243; _builder_version=&#8221;4.25.1&#8243; _module_preset=&#8221;default&#8221; global_colors_info=&#8221;{}&#8221; theme_builder_area=&#8221;post_content&#8221;][et_pb_row column_structure=&#8221;1_4,1_4,1_4,1_4&#8243; use_custom_gutter=&#8221;on&#8221; gutter_width=&#8221;2&#8243; _builder_version=&#8221;4.25.1&#8243; _module_preset=&#8221;default&#8221; width=&#8221;90%&#8221; global_colors_info=&#8221;{}&#8221; theme_builder_area=&#8221;post_content&#8221;][et_pb_column type=&#8221;1_4&#8243; _builder_version=&#8221;4.25.1&#8243; _module_preset=&#8221;default&#8221; global_colors_info=&#8221;{}&#8221; theme_builder_area=&#8221;post_content&#8221;][et_pb_image src=&#8221;https:\/\/przedszkolecieszyn.diecezjabielsko.pl\/wp-content\/uploads\/2024\/05\/k11.jpg&#8221; title_text=&#8221;k11&#8243; _builder_version=&#8221;4.25.1&#8243; _module_preset=&#8221;default&#8221; global_colors_info=&#8221;{}&#8221; theme_builder_area=&#8221;post_content&#8221;][\/et_pb_image][\/et_pb_column][et_pb_column type=&#8221;1_4&#8243; _builder_version=&#8221;4.25.1&#8243; _module_preset=&#8221;default&#8221; global_colors_info=&#8221;{}&#8221; theme_builder_area=&#8221;post_content&#8221;][et_pb_text _builder_version=&#8221;4.25.1&#8243; _module_preset=&#8221;default&#8221; text_font_size=&#8221;13.5px&#8221; global_colors_info=&#8221;{}&#8221; theme_builder_area=&#8221;post_content&#8221;]<\/p>\n<p><strong>mgr Agnieszka Kuszewska-Szewieczek<\/strong><br \/><u>wychowawca<\/u><\/p>\n<ul>\n<li>zintegrowana edukacja wczesnoszkolna i wychowanie przedszkolne<\/li>\n<li>wychowanie plastyczne \u2013 specjalno\u015b\u0107 malarska<\/li>\n<li>oligofrenopedagogika<\/li>\n<li>TUS \u2013 kurs kwalifikacyjny<\/li>\n<li>pedagogika specjalna-edukacja terapia i wspomaganie os\u00f3b z zaburzeniami ze spektrum autyzmu<\/li>\n<li>pedagogika specjalna &#8211; wczesne wspomaganie rozwoju dziecka<\/li>\n<li>arteterapia<\/li>\n<\/ul>\n<p>[\/et_pb_text][\/et_pb_column][et_pb_column type=&#8221;1_4&#8243; _builder_version=&#8221;4.25.1&#8243; _module_preset=&#8221;default&#8221; global_colors_info=&#8221;{}&#8221; theme_builder_area=&#8221;post_content&#8221;][\/et_pb_column][et_pb_column type=&#8221;1_4&#8243; _builder_version=&#8221;4.25.1&#8243; _module_preset=&#8221;default&#8221; global_colors_info=&#8221;{}&#8221; theme_builder_area=&#8221;post_content&#8221;][\/et_pb_column][\/et_pb_row][et_pb_row _builder_version=&#8221;4.25.1&#8243; _module_preset=&#8221;default&#8221; width=&#8221;90%&#8221; global_colors_info=&#8221;{}&#8221; theme_builder_area=&#8221;post_content&#8221;][et_pb_column type=&#8221;4_4&#8243; _builder_version=&#8221;4.25.1&#8243; _module_preset=&#8221;default&#8221; global_colors_info=&#8221;{}&#8221; theme_builder_area=&#8221;post_content&#8221;][et_pb_text _builder_version=&#8221;4.25.1&#8243; _module_preset=&#8221;default&#8221; background_color=&#8221;#0C71C3&#8243; background_layout=&#8221;dark&#8221; custom_padding=&#8221;30px|10px|20px|10px|false|false&#8221; global_colors_info=&#8221;{}&#8221; theme_builder_area=&#8221;post_content&#8221;]<\/p>\n<h3 style=\"text-align: center;\"><strong>PRACOWNICY KATOLICKIEGO PRZEDSZKOLA Im. DZIECI\u0104TKA JEZUS W CIESZYNIE<\/strong><\/h3>\n<p>[\/et_pb_text][et_pb_text _builder_version=&#8221;4.25.1&#8243; _module_preset=&#8221;default&#8221; custom_padding=&#8221;||0px|||&#8221; global_colors_info=&#8221;{}&#8221; theme_builder_area=&#8221;post_content&#8221;]<\/p>\n<p><strong><\/strong><\/p>\n<p><strong>DYREKTOR PRZEDSZKOLA:<\/strong><span> mgr Beata Klimczak<\/span><\/p>\n<p><span>Wychowawcy w poszczeg\u00f3lnych grupach:<\/span><br \/><strong>S\u00d3WKI (3-latki)<\/strong><span> \u2013 Emanuela Jurkantowicz, mgr Beata Klimczak<\/span><br \/><strong>LISKI (4,5-latki)<\/strong><span> \u2013 mgr Anna W\u00f3jtowicz<\/span><br \/><strong>KRASNALE (5,6-latki)<\/strong><span> \u2013 mgr Katarzyna Kraszewska, mgr Urszula Kisia\u0142a<\/span><br \/><strong>ks. Adrian Pietrasina<\/strong><span> \u2013 nauczyciel religii katolickiej<\/span><br \/><strong>mgr Janusz Lerch<\/strong><span> \u2013 nauczyciel religii ewangelickiej<\/span><\/p>\n<p><span>Pomoce nauczyciela:<\/span><span><\/span><br \/><span>Agata Pniok\/Joanna Pniok \u2013 S\u00f3wki<\/span><br \/><span>Jolanta Trombik\u2013 Liski, Misie<\/span><\/p>\n<p><span>Specjali\u015bci:<\/span><br \/><span>mgr Justyna Gazda \u2013 psycholog<\/span><br \/><span>mgr Ma\u0142gorzata Penkala \u2013 rehabilitant, fizjoterapeuta<\/span><br \/><span>mgr Agata Wiero\u0144ska- logopeda<\/span><br \/><span>mgr Marcela Brudny-\u015acibik &#8211; pedagog specjalny <\/span><br \/><span>mgr Anna W\u00f3jtowicz &#8211; nauczyciel specjalista terapii pedagogicznej<\/span><\/p>\n<p><span>Kierownik ds. gospodarczych:<\/span><span> Beata Ko\u015bci\u00f3\u0142ek<\/span><\/p>\n<p><span>Kuchnia:<\/span><br \/><span>Barbara Foltyn \u2013 intendent<\/span><br \/><span>Renata Gancarz \u2013 szef kuchni<\/span><br \/><span>Ewa Kubik \u2013 kucharka<\/span><\/p>\n<p>Agnieszka Kukucz<span><\/span><\/p>\n<p><span>Stanis\u0142awa Byrtek \u2013 kucharka<\/span><\/p>\n<p>[\/et_pb_text][\/et_pb_column][\/et_pb_row][\/et_pb_section]<\/p>\n","protected":false},"excerpt":{"rendered":"<p>mgr Beata Klimczakdyrektor zintegrowana edukacja wczesnoszkolna i wychowanie przedszkolne zarz\u0105dzanie w o\u015bwiacie TUS \u2013 kurs kwalifikacyjny pedagogika specjalna &#8211; wczesne wspomaganie rozwoju dziecka pedagogika specjalna &#8211; edukacja i terapia os\u00f3b ze spektrum autyzmu i zespo\u0142em aspergera mgr Katarzyna Kraszewskawychowawca zintegrowana edukacja wczesnoszkolna i wychowanie przedszkolne wychowanie muzyczne terapia r\u0119ki pedagogika specjalna-wczesne wspomaganie rozwoju dziecka muzykoterapia [&hellip;]<\/p>\n","protected":false},"author":2,"featured_media":0,"parent":0,"menu_order":0,"comment_status":"closed","ping_status":"closed","template":"","meta":{"_et_pb_use_builder":"on","_et_pb_old_content":"","_et_gb_content_width":"","footnotes":""},"class_list":["post-200","page","type-page","status-publish","hentry"],"_links":{"self":[{"href":"https:\/\/przedszkolecieszyn.diecezjabielsko.pl\/index.php\/wp-json\/wp\/v2\/pages\/200","targetHints":{"allow":["GET"]}}],"collection":[{"href":"https:\/\/przedszkolecieszyn.diecezjabielsko.pl\/index.php\/wp-json\/wp\/v2\/pages"}],"about":[{"href":"https:\/\/przedszkolecieszyn.diecezjabielsko.pl\/index.php\/wp-json\/wp\/v2\/types\/page"}],"author":[{"embeddable":true,"href":"https:\/\/przedszkolecieszyn.diecezjabielsko.pl\/index.php\/wp-json\/wp\/v2\/users\/2"}],"replies":[{"embeddable":true,"href":"https:\/\/przedszkolecieszyn.diecezjabielsko.pl\/index.php\/wp-json\/wp\/v2\/comments?post=200"}],"version-history":[{"count":12,"href":"https:\/\/przedszkolecieszyn.diecezjabielsko.pl\/index.php\/wp-json\/wp\/v2\/pages\/200\/revisions"}],"predecessor-version":[{"id":1121,"href":"https:\/\/przedszkolecieszyn.diecezjabielsko.pl\/index.php\/wp-json\/wp\/v2\/pages\/200\/revisions\/1121"}],"wp:attachment":[{"href":"https:\/\/przedszkolecieszyn.diecezjabielsko.pl\/index.php\/wp-json\/wp\/v2\/media?parent=200"}],"curies":[{"name":"wp","href":"https:\/\/api.w.org\/{rel}","templated":true}]}}