{"id":255,"date":"2024-05-15T19:22:11","date_gmt":"2024-05-15T17:22:11","guid":{"rendered":"https:\/\/przedszkolecieszyn.diecezjabielsko.pl\/?page_id=255"},"modified":"2026-04-17T10:07:11","modified_gmt":"2026-04-17T08:07:11","slug":"jadlospis","status":"publish","type":"page","link":"https:\/\/przedszkolecieszyn.diecezjabielsko.pl\/index.php\/jadlospis\/","title":{"rendered":"Jad\u0142ospis"},"content":{"rendered":"<p>[et_pb_section fb_built=&#8221;1&#8243; _builder_version=&#8221;4.25.1&#8243; _module_preset=&#8221;default&#8221; global_colors_info=&#8221;{}&#8221; theme_builder_area=&#8221;post_content&#8221;][et_pb_row _builder_version=&#8221;4.25.1&#8243; _module_preset=&#8221;default&#8221; custom_margin=&#8221;|152px||49px||&#8221; global_colors_info=&#8221;{}&#8221; theme_builder_area=&#8221;post_content&#8221;][et_pb_column type=&#8221;4_4&#8243; _builder_version=&#8221;4.25.1&#8243; _module_preset=&#8221;default&#8221; global_colors_info=&#8221;{}&#8221; theme_builder_area=&#8221;post_content&#8221;][et_pb_text _builder_version=&#8221;4.25.2&#8243; _module_preset=&#8221;default&#8221; min_height=&#8221;1862.6px&#8221; custom_padding=&#8221;106px||1px|5px||&#8221; global_colors_info=&#8221;{}&#8221; theme_builder_area=&#8221;post_content&#8221;]<\/p>\n<div>\n<p><strong><em>poniedzia\u0142ek\u00a0 20 kwietnia 2025<\/em><\/strong><\/p>\n<p><strong><em>\u015bniadanie: <\/em><\/strong><em>p\u0142atki ry\u017cowe na mleku <\/em><em>(p\u0142atki ry\u017cowe, <strong>mleko<\/strong><\/em><em>), bu\u0142ka kanapkowa z mas\u0142em, pasta z\u00a0 jajek\u00a0 ze szczypiorkiem <\/em><em>(<strong>bu\u0142ka kanapkowa mas\u0142o, jaja, <\/strong>szczypiorek, majonez, s\u00f3l)<\/em><em>, herbata z sokiem malinowym <\/em><em>(napar z herbaty, sok malinowy)<\/em><em>, jab\u0142ko<\/em><\/p>\n<p><strong><em>obiad<\/em><\/strong><em>:<\/em><em> zupa kalafiorowa z ziemniakami <\/em><em>(porcja roso\u0142owa drobiowa, marchew, pietruszka korze\u0144, <strong>seler<\/strong>, kalafior, ziemniaki, <strong>\u015bmietana, m\u0105ka pszenna, <\/strong>przyprawy, s\u00f3l<\/em><em>), makaron w sosie mi\u0119sno &#8211;\u00a0 pomidorowo- warzywnym (<\/em><strong><em>makaron pszenny<\/em><\/strong><em>, olej, cebula, \u0142opatka wieprzowa, koncentrat pomidorowy, <strong>m\u0105ka pszenna,<\/strong> w\u0142oszczyzna, przyprawy, s\u00f3l)<\/em><em>, kompot <\/em><em>(mieszanka kompotowa, cukier<\/em><em>)<\/em><\/p>\n<p><strong><em>podwieczorek :<\/em><\/strong><em>\u00a0 chleb s\u0142onecznikowy z mas\u0142em, szynka, og\u00f3rek zielony, papryka czerwona<\/em><em> (<strong>chleb s\u0142onecznikowy, mas\u0142o<\/strong>, szynka, og\u00f3rek zielony, papryka czerwona)<\/em><em>, herbata mi\u0119towa <\/em><em>(napar z mi\u0119ty, cukier)<\/em><\/p>\n<p><strong><em>wtorek\u00a0 21 kwietnia 2025<\/em><\/strong><\/p>\n<p><strong><em>\u015bniadanie: <\/em><\/strong><em>bu\u0142ka kajzerka, bu\u0142ka grahamka z mas\u0142em, ser \u017c\u00f3\u0142ty, pomidor, rukola <\/em><strong><em>(bu\u0142ka kajzerka, bu\u0142ka grahamka, mas\u0142o, ser \u017c\u00f3\u0142ty,<\/em><\/strong><em> pomidor, rukola) <\/em><em>, herbata owocowa <\/em><em>(napar z herbaty, cukier),<\/em><em> banan<\/em><\/p>\n<p><strong><em>obiad<\/em><\/strong><em>:<\/em><em>\u00a0 zupa z zielonego groszku z ry\u017cem <\/em><em>(porcja roso\u0142owa drobiowa, marchew, pietruszka korze\u0144<strong>, seler,<\/strong> groszek zielony mro\u017cony, ry\u017c, <strong>\u015bmietana,<\/strong> przyprawy, s\u00f3l)<\/em><em>, filet z kurczaka w kukurydzianej panierce <\/em><em>(filet z kurczaka, <strong>jaja, m\u0105ka pszenna, <\/strong>p\u0142atki kukurydziane, olej, s\u00f3l)<\/em><em>, sa\u0142atka z czerwonej kapusty <\/em><em>(kapusta czerwona, olej, ocet, cukier, s\u00f3l)<\/em><em>, ziemniaki <\/em><em>(ziemniaki, s\u00f3l)<\/em><em>, kompot (<\/em><em>mieszanka kompotowa, cukier)<\/em><\/p>\n<p><strong><em>podwieczorek :<\/em><\/strong><em> budy\u0144 czekoladowy z sokiem owocowym <\/em><em>(<strong>mleko,<\/strong> budy\u0144, cukier, sok owocowy),<\/em><em> wafelek ry\u017cowy<\/em><\/p>\n<p><strong><em>\u015broda\u00a0 22 kwietnia\u00a0 2026<\/em><\/strong><\/p>\n<p><strong><em>\u015bniadanie:<\/em><\/strong><em> bu\u0142ka kanapkowa z mas\u0142em, twaro\u017cek z truskawkami <\/em><em>(<strong>bu\u0142ka kanapkowa, mas\u0142o, twar\u00f3g,<\/strong> truskawki, cukier)<\/em><em>, herbata z cytryn\u0105<\/em><em> (napar z herbaty, cytryna, cukier)<\/em><em>, mandarynka<\/em><\/p>\n<p><strong><em>obiad<\/em><\/strong><em>:<\/em><em> \u00a0zupa og\u00f3rkowa z ziemniakami <\/em><em>(porcja roso\u0142owa drobiowa, marchew, pietruszka korze\u0144, <strong>seler, <\/strong>og\u00f3rki kiszone, ziemniaki, <strong>\u015bmietana, m\u0105ka pszenna<\/strong>, przyprawy, s\u00f3l)<\/em><em>, pierogi z mi\u0119sem <\/em><em>(<strong>pierogi z mi\u0119sem, mas\u0142o,<\/strong>s\u00f3l),<\/em><em> kompot <\/em><em>(mieszanka kompotowa, cukier)<\/em><\/p>\n<p><strong><em>podwieczorek :<\/em><\/strong><em>\u00a0 <\/em><em>chleb graham z mas\u0142em, pasta z tu\u0144czyka i kukurydzy<\/em><em> (<strong>chleb graham, mas\u0142o, tu\u0144czyk w sosie w\u0142asnym<\/strong>, kukurydza),<\/em><em> kawa zbo\u017cowa z mlekiem <\/em><strong><em>(kawa zbo\u017cowa, mleko,<\/em><\/strong><em> cukier)<\/em><\/p>\n<p><strong><em>czwartek 23 kwietnia\u00a0 2025<\/em><\/strong><\/p>\n<p><strong><em>\u015bniadanie: <\/em><\/strong><em>chleb pszenno \u2013 \u017cytni, pasta z pol\u0119dwicy drobiowej z koperkiem <\/em><em>(<strong>chleb pszenno \u2013 \u017cytni, mas\u0142o,<\/strong> pol\u0119dwica drobiowa, majonez, koperek)<\/em><em>, herbata owocowa <\/em><em>(herbata owocowa, cukier),<\/em><em> banan<\/em><\/p>\n<p><strong><em>obiad<\/em><\/strong><em>: <\/em><em>\u00a0barszcz z ziemniakami <\/em><em>(porcja roso\u0142owa drobiowa, marchew, pietruszka korze\u0144, seler,koncentrat barszczu, ziemniaki<strong>, m\u0105ka pszenna, \u015bmietana<\/strong>, przyprawy, s\u00f3l)<\/em><em>, kolorowy kocio\u0142ek <\/em><em>(filet z kurczaka, olej, cebula, fasolka szparagowa, kukurydza konserwowa, fasola czerwona, papryka kolorowa, <strong>m\u0105ka pszenna,<\/strong> przyprawy, s\u00f3l),<\/em><em> kasza j\u0119czmienna na sypko <\/em><em>(<strong>kasza j\u0119czmienna, <\/strong>s\u00f3l),<\/em><em> kompot <\/em><em>(mieszanka kompotowa, cukier)<\/em><\/p>\n<p><strong><em>podwieczorek :<\/em><\/strong><em> cha\u0142ka z mas\u0142em i d\u017cemem <\/em><strong><em>(cha\u0142ka, mas\u0142o,<\/em><\/strong><em> d\u017cem)<\/em><em>, kakao <\/em><em>(mleko, kakao ciemne, cukier)<\/em><\/p>\n<p><strong><em>pi\u0105tek 24 kwietnia\u00a0\u00a0 2025<\/em><\/strong><\/p>\n<p><strong><em>\u015bniadanie:<\/em><\/strong><em> p\u0142atki owsiane na mleku<\/em><em> (<strong>p\u0142atki owsiane, mleko<\/strong>),<\/em><em> bu\u0142ka kanapkowa z mas\u0142em, sa\u0142ata zielona, pomidor, rzodkiewka<\/em><em> (<strong>bu\u0142ka kanapkowa, mas\u0142o<\/strong>, sa\u0142ata zielona, pomidor, rzodkiewka),<\/em><em> herbata mi\u0119towa <\/em><em>(napar z mi\u0119ty, cukier),<\/em><em> jab\u0142ko<\/em><\/p>\n<p><strong><em>obiad <\/em><\/strong><em>:\u00a0 zupa ry\u017cowa z warzywami <\/em><em>(porcja roso\u0142owa drobiowa, marchew, pietruszka korze\u0144, <strong>seler<\/strong>, ry\u017c, w\u0142oszczyzna, przyprawy, s\u00f3l)<\/em><em>,<strong> paluszki rybne<\/strong> z pieca, sur\u00f3wka z kapusty kiszonej i marchwi (<\/em><em>kapusta kiszona, marchew, olej, cukier)<\/em><em>, ziemniaki\u00a0 <\/em><em>(ziemniaki, s\u00f3l)<\/em><em>, kompot<\/em><em> (mieszanka kompotowa, cukier)<\/em><\/p>\n<p><strong><em>podwieczorek<\/em><\/strong><em> : <strong>jogurt naturalny<\/strong>, banan, chrupki kukurydziane<\/em><\/p>\n<p><strong><em>Alergeny w posi\u0142kach s\u0105 wyt\u0142uszczone<\/em><\/strong><\/p>\n<p class=\"Standard\" align=\"center\"><o:p>\u00a0 \u00a0 \u00a0 \u00a0 \u00a0 \u00a0 \u00a0 \u00a0 \u00a0 \u00a0\u00a0<\/o:p><\/p>\n<\/div>\n<div>\n<p>&nbsp;<\/p>\n<\/div>\n<div><\/div>\n<p>[\/et_pb_text][\/et_pb_column][\/et_pb_row][\/et_pb_section]<\/p>\n","protected":false},"excerpt":{"rendered":"<p>poniedzia\u0142ek\u00a0 20 kwietnia 2025 \u015bniadanie: p\u0142atki ry\u017cowe na mleku (p\u0142atki ry\u017cowe, mleko), bu\u0142ka kanapkowa z mas\u0142em, pasta z\u00a0 jajek\u00a0 ze szczypiorkiem (bu\u0142ka kanapkowa mas\u0142o, jaja, szczypiorek, majonez, s\u00f3l), herbata z sokiem malinowym (napar z herbaty, sok malinowy), jab\u0142ko obiad: zupa kalafiorowa z ziemniakami (porcja roso\u0142owa drobiowa, marchew, pietruszka korze\u0144, seler, kalafior, ziemniaki, \u015bmietana, m\u0105ka pszenna, [&hellip;]<\/p>\n","protected":false},"author":2,"featured_media":0,"parent":0,"menu_order":0,"comment_status":"closed","ping_status":"closed","template":"","meta":{"_et_pb_use_builder":"on","_et_pb_old_content":"","_et_gb_content_width":"","footnotes":""},"class_list":["post-255","page","type-page","status-publish","hentry"],"_links":{"self":[{"href":"https:\/\/przedszkolecieszyn.diecezjabielsko.pl\/index.php\/wp-json\/wp\/v2\/pages\/255","targetHints":{"allow":["GET"]}}],"collection":[{"href":"https:\/\/przedszkolecieszyn.diecezjabielsko.pl\/index.php\/wp-json\/wp\/v2\/pages"}],"about":[{"href":"https:\/\/przedszkolecieszyn.diecezjabielsko.pl\/index.php\/wp-json\/wp\/v2\/types\/page"}],"author":[{"embeddable":true,"href":"https:\/\/przedszkolecieszyn.diecezjabielsko.pl\/index.php\/wp-json\/wp\/v2\/users\/2"}],"replies":[{"embeddable":true,"href":"https:\/\/przedszkolecieszyn.diecezjabielsko.pl\/index.php\/wp-json\/wp\/v2\/comments?post=255"}],"version-history":[{"count":47,"href":"https:\/\/przedszkolecieszyn.diecezjabielsko.pl\/index.php\/wp-json\/wp\/v2\/pages\/255\/revisions"}],"predecessor-version":[{"id":1123,"href":"https:\/\/przedszkolecieszyn.diecezjabielsko.pl\/index.php\/wp-json\/wp\/v2\/pages\/255\/revisions\/1123"}],"wp:attachment":[{"href":"https:\/\/przedszkolecieszyn.diecezjabielsko.pl\/index.php\/wp-json\/wp\/v2\/media?parent=255"}],"curies":[{"name":"wp","href":"https:\/\/api.w.org\/{rel}","templated":true}]}}